{"id":17,"date":"2014-02-25T12:49:01","date_gmt":"2014-02-25T12:49:01","guid":{"rendered":"https:\/\/ascensoresruiz.net\/?page_id=17"},"modified":"2024-02-06T12:32:47","modified_gmt":"2024-02-06T12:32:47","slug":"ascensors","status":"publish","type":"page","link":"https:\/\/ascensoresruiz.net\/val\/ascensors\/","title":{"rendered":"Ascensors"},"content":{"rendered":"<div id='full_slider_1'  class='avia-fullwidth-slider main_color avia-shadow   avia-builder-el-0  el_before_av_textblock  avia-builder-el-first   container_wrap sidebar_right'  ><div  class='avia-slideshow av-3obtp-98dda3fb2a6b2b97666828cc02294c88 avia-slideshow-featured av_slideshow_full avia-slide-slider av-slideshow-ui av-control-default av-slideshow-autoplay av-loop-endless av-loop-manual-endless av-default-height-applied   avia-slideshow-1' data-slideshow-options=\"{&quot;animation&quot;:&quot;slide&quot;,&quot;autoplay&quot;:true,&quot;loop_autoplay&quot;:&quot;endless&quot;,&quot;interval&quot;:5,&quot;loop_manual&quot;:&quot;manual-endless&quot;,&quot;autoplay_stopper&quot;:false,&quot;noNavigation&quot;:false,&quot;bg_slider&quot;:false,&quot;keep_padding&quot;:false,&quot;hoverpause&quot;:false,&quot;show_slide_delay&quot;:0}\" ><ul class='avia-slideshow-inner ' style='padding-bottom: 28.666666666667%;'><li  class='avia-slideshow-slide av-3obtp-98dda3fb2a6b2b97666828cc02294c88__0  slide-1 slide-odd'><div data-rel='slideshow-1' class='avia-slide-wrap '   ><img decoding=\"async\" fetchpriority=\"high\" class=\"wp-image-1029 avia-img-lazy-loading-not-1029\"  src=\"https:\/\/ascensoresruiz.net\/val\/wp-content\/uploads\/2024\/02\/ascensores_ruiz_valencia1.jpg\" width=\"1500\" height=\"430\" title='ascensores ruiz valencia1' alt='ascensores ruiz valencia1' srcset=\"https:\/\/ascensoresruiz.net\/val\/wp-content\/uploads\/2024\/02\/ascensores_ruiz_valencia1.jpg 1500w, https:\/\/ascensoresruiz.net\/val\/wp-content\/uploads\/2024\/02\/ascensores_ruiz_valencia1-300x86.jpg 300w, https:\/\/ascensoresruiz.net\/val\/wp-content\/uploads\/2024\/02\/ascensores_ruiz_valencia1-768x220.jpg 768w, https:\/\/ascensoresruiz.net\/val\/wp-content\/uploads\/2024\/02\/ascensores_ruiz_valencia1-1030x295.jpg 1030w, https:\/\/ascensoresruiz.net\/val\/wp-content\/uploads\/2024\/02\/ascensores_ruiz_valencia1-705x202.jpg 705w\" sizes=\"(max-width: 1500px) 100vw, 1500px\" \/><\/div><\/li><li  class='avia-slideshow-slide av-3obtp-98dda3fb2a6b2b97666828cc02294c88__1  slide-2 slide-even'><div data-rel='slideshow-1' class='avia-slide-wrap '   ><img decoding=\"async\" fetchpriority=\"high\" class=\"wp-image-1030 avia-img-lazy-loading-not-1030\"  src=\"https:\/\/ascensoresruiz.net\/val\/wp-content\/uploads\/2024\/02\/ascensores_ruiz_valencia2.jpg\" width=\"1500\" height=\"430\" title='ascensores ruiz valencia2' alt='ascensores ruiz valencia2' srcset=\"https:\/\/ascensoresruiz.net\/val\/wp-content\/uploads\/2024\/02\/ascensores_ruiz_valencia2.jpg 1500w, https:\/\/ascensoresruiz.net\/val\/wp-content\/uploads\/2024\/02\/ascensores_ruiz_valencia2-300x86.jpg 300w, https:\/\/ascensoresruiz.net\/val\/wp-content\/uploads\/2024\/02\/ascensores_ruiz_valencia2-768x220.jpg 768w, https:\/\/ascensoresruiz.net\/val\/wp-content\/uploads\/2024\/02\/ascensores_ruiz_valencia2-1030x295.jpg 1030w, https:\/\/ascensoresruiz.net\/val\/wp-content\/uploads\/2024\/02\/ascensores_ruiz_valencia2-705x202.jpg 705w\" sizes=\"(max-width: 1500px) 100vw, 1500px\" \/><\/div><\/li><li  class='avia-slideshow-slide av-3obtp-98dda3fb2a6b2b97666828cc02294c88__2  slide-3 slide-odd'><div data-rel='slideshow-1' class='avia-slide-wrap '   ><img decoding=\"async\" fetchpriority=\"high\" class=\"wp-image-1031 avia-img-lazy-loading-not-1031\"  src=\"https:\/\/ascensoresruiz.net\/val\/wp-content\/uploads\/2024\/02\/ascensores_ruiz_valencia3.jpg\" width=\"1500\" height=\"430\" title='ascensores ruiz valencia3' alt='ascensores ruiz valencia3' srcset=\"https:\/\/ascensoresruiz.net\/val\/wp-content\/uploads\/2024\/02\/ascensores_ruiz_valencia3.jpg 1500w, https:\/\/ascensoresruiz.net\/val\/wp-content\/uploads\/2024\/02\/ascensores_ruiz_valencia3-300x86.jpg 300w, https:\/\/ascensoresruiz.net\/val\/wp-content\/uploads\/2024\/02\/ascensores_ruiz_valencia3-768x220.jpg 768w, https:\/\/ascensoresruiz.net\/val\/wp-content\/uploads\/2024\/02\/ascensores_ruiz_valencia3-1030x295.jpg 1030w, https:\/\/ascensoresruiz.net\/val\/wp-content\/uploads\/2024\/02\/ascensores_ruiz_valencia3-705x202.jpg 705w\" sizes=\"(max-width: 1500px) 100vw, 1500px\" \/><\/div><\/li><li  class='avia-slideshow-slide av-3obtp-98dda3fb2a6b2b97666828cc02294c88__3  slide-4 slide-even'><div data-rel='slideshow-1' class='avia-slide-wrap '   ><img decoding=\"async\" fetchpriority=\"high\" class=\"wp-image-1028 avia-img-lazy-loading-not-1028\"  src=\"https:\/\/ascensoresruiz.net\/val\/wp-content\/uploads\/2024\/02\/ascensores_ruiz_valencia4.jpg\" width=\"1500\" height=\"430\" title='ascensores ruiz valencia4' alt='ascensores ruiz valencia4' srcset=\"https:\/\/ascensoresruiz.net\/val\/wp-content\/uploads\/2024\/02\/ascensores_ruiz_valencia4.jpg 1500w, https:\/\/ascensoresruiz.net\/val\/wp-content\/uploads\/2024\/02\/ascensores_ruiz_valencia4-300x86.jpg 300w, https:\/\/ascensoresruiz.net\/val\/wp-content\/uploads\/2024\/02\/ascensores_ruiz_valencia4-768x220.jpg 768w, https:\/\/ascensoresruiz.net\/val\/wp-content\/uploads\/2024\/02\/ascensores_ruiz_valencia4-1030x295.jpg 1030w, https:\/\/ascensoresruiz.net\/val\/wp-content\/uploads\/2024\/02\/ascensores_ruiz_valencia4-705x202.jpg 705w\" sizes=\"(max-width: 1500px) 100vw, 1500px\" \/><\/div><\/li><\/ul><div class='avia-slideshow-arrows avia-slideshow-controls' ><a href='#prev' class='prev-slide  avia-svg-icon avia-font-svg_entypo-fontello' data-av_svg_icon='left-open-big' data-av_iconset='svg_entypo-fontello' tabindex='-1' title=\"Anterior\"><svg version=\"1.1\" xmlns=\"http:\/\/www.w3.org\/2000\/svg\" width=\"15\" height=\"32\" viewBox=\"0 0 15 32\" preserveAspectRatio=\"xMidYMid meet\" aria-labelledby='av-svg-title-1' aria-describedby='av-svg-desc-1' role=\"graphics-symbol\" aria-hidden=\"true\">\n<title id='av-svg-title-1'>Anterior<\/title>\n<desc id='av-svg-desc-1'>Anterior<\/desc>\n<path d=\"M14.464 27.84q0.832 0.832 0 1.536-0.832 0.832-1.536 0l-12.544-12.608q-0.768-0.768 0-1.6l12.544-12.608q0.704-0.832 1.536 0 0.832 0.704 0 1.536l-11.456 11.904z\"><\/path>\n<\/svg><span class='avia_hidden_link_text'>Anterior<\/span><\/a><a href='#next' class='next-slide  avia-svg-icon avia-font-svg_entypo-fontello' data-av_svg_icon='right-open-big' data-av_iconset='svg_entypo-fontello' tabindex='-1' title=\"Posterior\"><svg version=\"1.1\" xmlns=\"http:\/\/www.w3.org\/2000\/svg\" width=\"15\" height=\"32\" viewBox=\"0 0 15 32\" preserveAspectRatio=\"xMidYMid meet\" aria-labelledby='av-svg-title-2' aria-describedby='av-svg-desc-2' role=\"graphics-symbol\" aria-hidden=\"true\">\n<title id='av-svg-title-2'>Posterior<\/title>\n<desc id='av-svg-desc-2'>Posterior<\/desc>\n<path d=\"M0.416 27.84l11.456-11.84-11.456-11.904q-0.832-0.832 0-1.536 0.832-0.832 1.536 0l12.544 12.608q0.768 0.832 0 1.6l-12.544 12.608q-0.704 0.832-1.536 0-0.832-0.704 0-1.536z\"><\/path>\n<\/svg><span class='avia_hidden_link_text'>Posterior<\/span><\/a><\/div><div class='avia-slideshow-dots avia-slideshow-controls'><a href='#1' class='goto-slide active' >1<\/a><a href='#2' class='goto-slide ' >2<\/a><a href='#3' class='goto-slide ' >3<\/a><a href='#4' class='goto-slide ' >4<\/a><\/div><\/div><\/div><div id='after_full_slider_1'  class='main_color av_default_container_wrap container_wrap sidebar_right'  ><div class='container av-section-cont-open' ><div class='template-page content  av-content-small alpha units'><div class='post-entry post-entry-type-page post-entry-17'><div class='entry-content-wrapper clearfix'>\n<section  class='av_textblock_section av-vp51-a442d23b3c01343018247141d606c07a '  ><div class='avia_textblock' ><h1 class=\"p1\"><span class=\"s1\"><b>Ascensors Ruiz<\/b><\/span><\/h1>\n<p class=\"p2\"><span class=\"s1\">Al llarg dels anys, els elevadors s\u2019han convertit en una constant en la construcci\u00f3 de tot tipus d\u2019edificis que ens ajuda a millorar la nostra qualitat de vida. Tant \u00e9s aix\u00ed que incl\u00fas els edificis de construcci\u00f3 antiga opten pel muntatge d\u2019aquests aparells.<\/span><\/p>\n<p class=\"p2\"><span class=\"s1\">En Ascensores Ruiz sabem b\u00e9 del que parlem, <b>fa m\u00e9s de 100 anys que ens dediquem al disseny i a la fabricaci\u00f3 d\u2019ascensors i som pioners pel que fa a I+D<\/b>. Per aix\u00f2, la nostra oferta d\u2019ascensors \u00e9s capa\u00e7 de proposar solucions per a qualsevol necessitat concreta.<\/span><\/p>\n<h2 class=\"p3\"><span class=\"s1\"><b>Ascensors<\/b><\/span><\/h2>\n<p class=\"p2\"><span class=\"s1\">Els <a href=\"https:\/\/ascensoresruiz.net\/ascensores-edificios\/\"><span class=\"s2\">ascensors per a finques<\/span><\/a> s\u00f3n, potser, el nostre producte m\u00e9s demandat. Amb la baixada a la quota zero i l\u2019increment de les parades, augmentarem ostensiblement la llibertat de moviment de les persones majors i dels discapacitats.<\/span><\/p>\n<p class=\"p2\"><span class=\"s1\">Els <a href=\"https:\/\/ascensoresruiz.net\/ascensores-unifamiliares\/\"><span class=\"s2\">ascensors unifamiliars<\/span><\/a> estan pensats especialment per a solucionar els problemes de mobilitat de les persones majors o amb alguna discapacitat motora. Tamb\u00e9 els <a href=\"https:\/\/ascensoresruiz.net\/ascensores-domesticos\/\"><span class=\"s2\">ascensors dom\u00e8stics<\/span><\/a>, que s\u2019instal\u00b7len dins de la llar i estan adaptats a la grand\u00e0ria de les cadires de rodes, de manera que permeten salvar les diferents plantes sense necessitat d\u2019utilitzar les escales.<\/span><\/p>\n<p class=\"p2\"><span class=\"s1\">D\u2019altra banda, si en la seua comunitat de ve\u00efns o en sa casa disposa d\u2019espai per a instal\u00b7lar un elevador, potser li interesse informar-se sobre els nostres <a href=\"https:\/\/ascensoresruiz.net\/ascensores-hidraulicos\/\"><span class=\"s2\">elevadors hidr\u00e0ulics<\/span><\/a>. Extremadament segurs, silenciosos i amb una maquin\u00e0ria tan xicoteta que es pot col\u00b7locar en qualsevol lloc, seran una soluci\u00f3 ideal per a poder moure\u2019s amb llibertat sense que l\u2019espai siga mai m\u00e9s un impediment. <\/span><\/p>\n<p class=\"p2\"><span class=\"s1\">Els <a href=\"https:\/\/ascensoresruiz.net\/elevadores-de-coches\/\"><span class=\"s2\">muntacotxes<\/span><\/a>, per \u00faltim, estan dissenyats per tal d\u2019aprofitar al m\u00e0xim l\u2019espai, la qual cosa ens permetr\u00e0 dur a terme la instal\u00b7laci\u00f3 incl\u00fas en els llocs m\u00e9s insospitats. La capacitat de c\u00e0rrega d\u2019aquests elevadors \u00e9s suficient per a permetre que qualsevol vehicle, incloent-hi els ocupants i la c\u00e0rrega, puga despla\u00e7ar-se sense cap problema.<\/span><\/p>\n<p class=\"p2\"><span class=\"s1\">Per descomptat, <b>en Ascensores Ruiz ens encarreguem del disseny, de la fabricaci\u00f3 i del muntatge d\u2019aquests elevadors, tant en edificis de nova construcci\u00f3 com en edificis antics. <\/b>I en tots els casos disposem d\u2019<a href=\"https:\/\/ascensoresruiz.net\/panoramicos\/\"><span class=\"s2\">ascensors panor\u00e0mics<\/span><\/a> i interiors per tal de poder satisfer les necessitats i els gustos de tots els nostres clients.<\/span><\/p>\n<\/div><\/section>\n","protected":false},"excerpt":{"rendered":"","protected":false},"author":1,"featured_media":0,"parent":0,"menu_order":0,"comment_status":"closed","ping_status":"open","template":"","meta":{"_bbp_topic_count":0,"_bbp_reply_count":0,"_bbp_total_topic_count":0,"_bbp_total_reply_count":0,"_bbp_voice_count":0,"_bbp_anonymous_reply_count":0,"_bbp_topic_count_hidden":0,"_bbp_reply_count_hidden":0,"_bbp_forum_subforum_count":0,"footnotes":""},"class_list":["post-17","page","type-page","status-publish","hentry"],"yoast_head":"<!-- This site is optimized with the Yoast SEO plugin v26.5 - https:\/\/yoast.com\/wordpress\/plugins\/seo\/ -->\n<title>Ascensors<\/title>\n<meta name=\"description\" content=\"Ascensors Ruiz. Fa m\u00e9s de 100 anys que ens dediquem al disseny i la fabricaci\u00f3 d&#039;ascensors i som pioners en R+D. Solucions ascensors\" \/>\n<meta name=\"robots\" content=\"index, follow, max-snippet:-1, max-image-preview:large, max-video-preview:-1\" \/>\n<link rel=\"canonical\" href=\"https:\/\/ascensoresruiz.net\/val\/ascensors\/\" \/>\n<meta property=\"og:locale\" content=\"es_ES\" \/>\n<meta property=\"og:type\" content=\"article\" \/>\n<meta property=\"og:title\" content=\"Ascensors\" \/>\n<meta property=\"og:description\" content=\"Ascensors Ruiz. Fa m\u00e9s de 100 anys que ens dediquem al disseny i la fabricaci\u00f3 d&#039;ascensors i som pioners en R+D. Solucions ascensors\" \/>\n<meta property=\"og:url\" content=\"https:\/\/ascensoresruiz.net\/val\/ascensors\/\" \/>\n<meta property=\"og:site_name\" content=\"Ascensores Ruiz\" \/>\n<meta property=\"article:publisher\" content=\"https:\/\/www.facebook.com\/pages\/Ascensores-Ruiz\/575215262553822?ref=hl\" \/>\n<meta property=\"article:modified_time\" content=\"2024-02-06T12:32:47+00:00\" \/>\n<meta property=\"og:image\" content=\"https:\/\/ascensoresruiz.net\/val\/wp-content\/uploads\/2025\/12\/ascensores_ruiz_net_logo.webp\" \/>\n\t<meta property=\"og:image:width\" content=\"125\" \/>\n\t<meta property=\"og:image:height\" content=\"163\" \/>\n\t<meta property=\"og:image:type\" content=\"image\/webp\" \/>\n<meta name=\"twitter:label1\" content=\"Tiempo de lectura\" \/>\n\t<meta name=\"twitter:data1\" content=\"5 minutos\" \/>\n<script type=\"application\/ld+json\" class=\"yoast-schema-graph\">{\"@context\":\"https:\/\/schema.org\",\"@graph\":[{\"@type\":\"WebPage\",\"@id\":\"https:\/\/ascensoresruiz.net\/val\/ascensors\/\",\"url\":\"https:\/\/ascensoresruiz.net\/val\/ascensors\/\",\"name\":\"Ascensors\",\"isPartOf\":{\"@id\":\"https:\/\/ascensoresruiz.net\/val\/#website\"},\"datePublished\":\"2014-02-25T12:49:01+00:00\",\"dateModified\":\"2024-02-06T12:32:47+00:00\",\"description\":\"Ascensors Ruiz. Fa m\u00e9s de 100 anys que ens dediquem al disseny i la fabricaci\u00f3 d'ascensors i som pioners en R+D. Solucions ascensors\",\"breadcrumb\":{\"@id\":\"https:\/\/ascensoresruiz.net\/val\/ascensors\/#breadcrumb\"},\"inLanguage\":\"es\",\"potentialAction\":[{\"@type\":\"ReadAction\",\"target\":[\"https:\/\/ascensoresruiz.net\/val\/ascensors\/\"]}]},{\"@type\":\"BreadcrumbList\",\"@id\":\"https:\/\/ascensoresruiz.net\/val\/ascensors\/#breadcrumb\",\"itemListElement\":[{\"@type\":\"ListItem\",\"position\":1,\"name\":\"Home\",\"item\":\"https:\/\/ascensoresruiz.net\/val\/\"},{\"@type\":\"ListItem\",\"position\":2,\"name\":\"Ascensors\"}]},{\"@type\":\"WebSite\",\"@id\":\"https:\/\/ascensoresruiz.net\/val\/#website\",\"url\":\"https:\/\/ascensoresruiz.net\/val\/\",\"name\":\"Ascensores Ruiz\",\"description\":\"M\u00e9s de 100 anys treballant amb ascensors a Val\u00e8ncia\",\"publisher\":{\"@id\":\"https:\/\/ascensoresruiz.net\/val\/#organization\"},\"alternateName\":\"Ascensores Ruiz\",\"potentialAction\":[{\"@type\":\"SearchAction\",\"target\":{\"@type\":\"EntryPoint\",\"urlTemplate\":\"https:\/\/ascensoresruiz.net\/val\/?s={search_term_string}\"},\"query-input\":{\"@type\":\"PropertyValueSpecification\",\"valueRequired\":true,\"valueName\":\"search_term_string\"}}],\"inLanguage\":\"es\"},{\"@type\":\"Organization\",\"@id\":\"https:\/\/ascensoresruiz.net\/val\/#organization\",\"name\":\"Ascensores Ruiz\",\"alternateName\":\"Ascensores Ruiz\",\"url\":\"https:\/\/ascensoresruiz.net\/val\/\",\"logo\":{\"@type\":\"ImageObject\",\"inLanguage\":\"es\",\"@id\":\"https:\/\/ascensoresruiz.net\/val\/#\/schema\/logo\/image\/\",\"url\":\"https:\/\/ascensoresruiz.net\/val\/wp-content\/uploads\/2025\/12\/ascensores_ruiz_net_logo.webp\",\"contentUrl\":\"https:\/\/ascensoresruiz.net\/val\/wp-content\/uploads\/2025\/12\/ascensores_ruiz_net_logo.webp\",\"width\":125,\"height\":163,\"caption\":\"Ascensores Ruiz\"},\"image\":{\"@id\":\"https:\/\/ascensoresruiz.net\/val\/#\/schema\/logo\/image\/\"},\"sameAs\":[\"https:\/\/www.facebook.com\/pages\/Ascensores-Ruiz\/575215262553822?ref=hl\",\"https:\/\/www.linkedin.com\/company\/ascensores-valencia-ruiz\/\"]}]}<\/script>\n<!-- \/ Yoast SEO plugin. -->","yoast_head_json":{"title":"Ascensors","description":"Ascensors Ruiz. Fa m\u00e9s de 100 anys que ens dediquem al disseny i la fabricaci\u00f3 d'ascensors i som pioners en R+D. Solucions ascensors","robots":{"index":"index","follow":"follow","max-snippet":"max-snippet:-1","max-image-preview":"max-image-preview:large","max-video-preview":"max-video-preview:-1"},"canonical":"https:\/\/ascensoresruiz.net\/val\/ascensors\/","og_locale":"es_ES","og_type":"article","og_title":"Ascensors","og_description":"Ascensors Ruiz. Fa m\u00e9s de 100 anys que ens dediquem al disseny i la fabricaci\u00f3 d'ascensors i som pioners en R+D. Solucions ascensors","og_url":"https:\/\/ascensoresruiz.net\/val\/ascensors\/","og_site_name":"Ascensores Ruiz","article_publisher":"https:\/\/www.facebook.com\/pages\/Ascensores-Ruiz\/575215262553822?ref=hl","article_modified_time":"2024-02-06T12:32:47+00:00","og_image":[{"width":125,"height":163,"url":"https:\/\/ascensoresruiz.net\/val\/wp-content\/uploads\/2025\/12\/ascensores_ruiz_net_logo.webp","type":"image\/webp"}],"twitter_misc":{"Tiempo de lectura":"5 minutos"},"schema":{"@context":"https:\/\/schema.org","@graph":[{"@type":"WebPage","@id":"https:\/\/ascensoresruiz.net\/val\/ascensors\/","url":"https:\/\/ascensoresruiz.net\/val\/ascensors\/","name":"Ascensors","isPartOf":{"@id":"https:\/\/ascensoresruiz.net\/val\/#website"},"datePublished":"2014-02-25T12:49:01+00:00","dateModified":"2024-02-06T12:32:47+00:00","description":"Ascensors Ruiz. Fa m\u00e9s de 100 anys que ens dediquem al disseny i la fabricaci\u00f3 d'ascensors i som pioners en R+D. Solucions ascensors","breadcrumb":{"@id":"https:\/\/ascensoresruiz.net\/val\/ascensors\/#breadcrumb"},"inLanguage":"es","potentialAction":[{"@type":"ReadAction","target":["https:\/\/ascensoresruiz.net\/val\/ascensors\/"]}]},{"@type":"BreadcrumbList","@id":"https:\/\/ascensoresruiz.net\/val\/ascensors\/#breadcrumb","itemListElement":[{"@type":"ListItem","position":1,"name":"Home","item":"https:\/\/ascensoresruiz.net\/val\/"},{"@type":"ListItem","position":2,"name":"Ascensors"}]},{"@type":"WebSite","@id":"https:\/\/ascensoresruiz.net\/val\/#website","url":"https:\/\/ascensoresruiz.net\/val\/","name":"Ascensores Ruiz","description":"M\u00e9s de 100 anys treballant amb ascensors a Val\u00e8ncia","publisher":{"@id":"https:\/\/ascensoresruiz.net\/val\/#organization"},"alternateName":"Ascensores Ruiz","potentialAction":[{"@type":"SearchAction","target":{"@type":"EntryPoint","urlTemplate":"https:\/\/ascensoresruiz.net\/val\/?s={search_term_string}"},"query-input":{"@type":"PropertyValueSpecification","valueRequired":true,"valueName":"search_term_string"}}],"inLanguage":"es"},{"@type":"Organization","@id":"https:\/\/ascensoresruiz.net\/val\/#organization","name":"Ascensores Ruiz","alternateName":"Ascensores Ruiz","url":"https:\/\/ascensoresruiz.net\/val\/","logo":{"@type":"ImageObject","inLanguage":"es","@id":"https:\/\/ascensoresruiz.net\/val\/#\/schema\/logo\/image\/","url":"https:\/\/ascensoresruiz.net\/val\/wp-content\/uploads\/2025\/12\/ascensores_ruiz_net_logo.webp","contentUrl":"https:\/\/ascensoresruiz.net\/val\/wp-content\/uploads\/2025\/12\/ascensores_ruiz_net_logo.webp","width":125,"height":163,"caption":"Ascensores Ruiz"},"image":{"@id":"https:\/\/ascensoresruiz.net\/val\/#\/schema\/logo\/image\/"},"sameAs":["https:\/\/www.facebook.com\/pages\/Ascensores-Ruiz\/575215262553822?ref=hl","https:\/\/www.linkedin.com\/company\/ascensores-valencia-ruiz\/"]}]}},"_links":{"self":[{"href":"https:\/\/ascensoresruiz.net\/val\/wp-json\/wp\/v2\/pages\/17","targetHints":{"allow":["GET"]}}],"collection":[{"href":"https:\/\/ascensoresruiz.net\/val\/wp-json\/wp\/v2\/pages"}],"about":[{"href":"https:\/\/ascensoresruiz.net\/val\/wp-json\/wp\/v2\/types\/page"}],"author":[{"embeddable":true,"href":"https:\/\/ascensoresruiz.net\/val\/wp-json\/wp\/v2\/users\/1"}],"replies":[{"embeddable":true,"href":"https:\/\/ascensoresruiz.net\/val\/wp-json\/wp\/v2\/comments?post=17"}],"version-history":[{"count":15,"href":"https:\/\/ascensoresruiz.net\/val\/wp-json\/wp\/v2\/pages\/17\/revisions"}],"predecessor-version":[{"id":1032,"href":"https:\/\/ascensoresruiz.net\/val\/wp-json\/wp\/v2\/pages\/17\/revisions\/1032"}],"wp:attachment":[{"href":"https:\/\/ascensoresruiz.net\/val\/wp-json\/wp\/v2\/media?parent=17"}],"curies":[{"name":"wp","href":"https:\/\/api.w.org\/{rel}","templated":true}]}}