{"id":24,"date":"2014-02-25T12:54:42","date_gmt":"2014-02-25T12:54:42","guid":{"rendered":"https:\/\/ascensoresruiz.net\/?page_id=24"},"modified":"2024-02-05T12:00:47","modified_gmt":"2024-02-05T12:00:47","slug":"ascensors-unifamiliars","status":"publish","type":"page","link":"https:\/\/ascensoresruiz.net\/val\/ascensors-unifamiliars\/","title":{"rendered":"Unifamiliars"},"content":{"rendered":"<p><img loading=\"lazy\" decoding=\"async\" class=\"hello\" style=\"padding: 20px;\" src=\"https:\/\/ascensoresruiz.net\/val\/wp-content\/uploads\/2024\/02\/ascensors_unifamiliars_ascensores_ruiz.jpg\" alt=\"ascensors unifamiliars\" width=\"400\" height=\"611\" align=\"left\" \/><\/p>\n<h1>Ascensors unifamiliars<\/h1>\n<p>Els projectes d&#8217;habitatges unifamiliars han anat incorporant elements nous que, a base de fer possible la construcci\u00f3 de cases m\u00e9s segures i c\u00f2modes en totes les seves atribucions, ens han perm\u00e8s arribar al que avui coneixem pel nom de cases intel\u00b7ligents. Parlem de l&#8217;automatitzaci\u00f3 dels habitatges o, el que \u00e9s el mateix, de dom\u00f2tica.<\/p>\n<p>Els sistemes dom\u00f2tics estan enfocats a millorar la nostra qualitat de vida a trav\u00e9s de cinc aspectes diferents: permetent programar els diferents aparells el\u00e8ctrics de la nostra llar per augmentar l&#8217;estalvi energ\u00e8tic i reduir aix\u00ed la factura el\u00e8ctrica; augmentant la <b>comoditat<\/b>; certificant una <b>m\u00e0xima seguretat<\/b> mitjan\u00e7ant alarmes, detectors d&#8217;incendis o sistemes d&#8217;alerta m\u00e8dica; garantint la <b>comunicaci\u00f3<\/b> amb l&#8217;exterior mitjan\u00e7ant tel\u00e8fons, sistemes de teleassist\u00e8ncia i transmissi\u00f3 d&#8217;alarmes, etc.; i, finalment, assegurant sempre l&#8217;<b>accessibilitat<\/b>. Els <b>ascensors unifamiliars<\/b> estarien compresos en aquest darrer apartat.<\/p>\n<p>&nbsp;<\/p>\n<p>En aquest sentit, m\u00e9s que no pas un element de distinci\u00f3 a l&#8217;interior d&#8217;un habitatge d&#8217;aquesta classe, un <b> ascensor unifamiliar <\/b>\u00e9s una necessitat manifesta. Sobretot en aquelles construccions en qu\u00e8, per la seva arquitectura i les caracter\u00edstiques dels seus ocupants, es requereix una soluci\u00f3 que faciliti l&#8217;acc\u00e9s a les diferents al\u00e7ades de la construcci\u00f3, millorant aix\u00ed el confort, l&#8217;accessibilitat, la mobilitat i la qualitat de vida de les persones.<\/p>\n<p>Avui dia, els arquitectes i constructors estan tan conscienciats amb el tema que, quan construeixen un habitatge d&#8217;aquest tipus, b\u00e9 ordenen ells mateixos la instal\u00b7laci\u00f3 d&#8217;un ascensor unifamiliar, o b\u00e9 dissenyen la distribuci\u00f3 de l&#8217;habitatge de manera que en un futur els propietaris puguin encarregar el muntatge de laparell. El cas \u00e9s poder donar un habitatge que serveixi per a tota la vida i on l&#8217;acc\u00e9s a les diferents plantes no suposar\u00e0 un problema amb el temps. De la mateixa manera, els <b>ascensors unifamiliars <\/b>tamb\u00e9 suposen un notable <b>augment en la qualitat de vida <\/b>de persones amb mobilitat redu\u00efda o qualsevol tipus de discapacitat.<\/p>\n<p>&nbsp;<\/p>\n<p>A <b>Ascensors Ruiz <\/b>\u00a0<b>cuidem al detall l&#8217;est\u00e8tica dels nostres ascensors<\/b>, disposant aix\u00ed d&#8217;un ampli cat\u00e0leg en qu\u00e8 els nostres clients podran apreciar els diferents tipus de <a href=\"https:\/\/ascensoresruiz.net\/panoramicos\/\">ascensors panor\u00e0mics<\/a>, tancats, etc. que ja hem instal\u00b7lat. El nostre equip de professionals tindr\u00e0 en compte l&#8217;estil del vostre habitatge i instal\u00b7lar\u00e0 l&#8217;aparell de manera que quedi perfectament integrat a nivell de disseny.<\/p>\n<p>Amb la nostra companyia d\u00b4ascensors tindr\u00e0 total llibertat. Vost\u00e8 nom\u00e9s ens haur\u00e0 de dir qu\u00e8 \u00e9s el que vol i nosaltres ho dissenyarem, ho fabricarem i ho instal\u00b7larem per a vost\u00e8, garantint-li la m\u00e0xima seguretat i resultats.<\/p>\n","protected":false},"excerpt":{"rendered":"<p>Ascensors unifamiliars Els projectes d&#8217;habitatges unifamiliars han anat incorporant elements nous que, a base de fer possible la construcci\u00f3 de cases m\u00e9s segures i c\u00f2modes en totes les seves atribucions, ens han perm\u00e8s arribar al que avui coneixem pel nom de cases intel\u00b7ligents. Parlem de l&#8217;automatitzaci\u00f3 dels habitatges o, el que \u00e9s el mateix, de [&hellip;]<\/p>\n","protected":false},"author":1,"featured_media":0,"parent":0,"menu_order":0,"comment_status":"closed","ping_status":"open","template":"","meta":{"_bbp_topic_count":0,"_bbp_reply_count":0,"_bbp_total_topic_count":0,"_bbp_total_reply_count":0,"_bbp_voice_count":0,"_bbp_anonymous_reply_count":0,"_bbp_topic_count_hidden":0,"_bbp_reply_count_hidden":0,"_bbp_forum_subforum_count":0,"footnotes":""},"class_list":["post-24","page","type-page","status-publish","hentry"],"yoast_head":"<!-- This site is optimized with the Yoast SEO plugin v26.5 - https:\/\/yoast.com\/wordpress\/plugins\/seo\/ -->\n<title>Ascensors unifamiliars<\/title>\n<meta name=\"description\" content=\"ASCENSORS RUIZ. Instal\u00b7laci\u00f3 en habitatges d\u00b4ascensors unifamiliars per millorar el confort, l&#039;accessibilitat, la mobilitat i la qualitat de vida\" \/>\n<meta name=\"robots\" content=\"index, follow, max-snippet:-1, max-image-preview:large, max-video-preview:-1\" \/>\n<link rel=\"canonical\" href=\"https:\/\/ascensoresruiz.net\/val\/ascensors-unifamiliars\/\" \/>\n<meta property=\"og:locale\" content=\"es_ES\" \/>\n<meta property=\"og:type\" content=\"article\" \/>\n<meta property=\"og:title\" content=\"Ascensors unifamiliars\" \/>\n<meta property=\"og:description\" content=\"ASCENSORS RUIZ. Instal\u00b7laci\u00f3 en habitatges d\u00b4ascensors unifamiliars per millorar el confort, l&#039;accessibilitat, la mobilitat i la qualitat de vida\" \/>\n<meta property=\"og:url\" content=\"https:\/\/ascensoresruiz.net\/val\/ascensors-unifamiliars\/\" \/>\n<meta property=\"og:site_name\" content=\"Ascensores Ruiz\" \/>\n<meta property=\"article:publisher\" content=\"https:\/\/www.facebook.com\/pages\/Ascensores-Ruiz\/575215262553822?ref=hl\" \/>\n<meta property=\"article:modified_time\" content=\"2024-02-05T12:00:47+00:00\" \/>\n<meta property=\"og:image\" content=\"https:\/\/ascensoresruiz.net\/val\/wp-content\/uploads\/2024\/02\/ascensors_unifamiliars_ascensores_ruiz.jpg\" \/>\n<meta name=\"twitter:label1\" content=\"Tiempo de lectura\" \/>\n\t<meta name=\"twitter:data1\" content=\"2 minutos\" \/>\n<script type=\"application\/ld+json\" class=\"yoast-schema-graph\">{\"@context\":\"https:\/\/schema.org\",\"@graph\":[{\"@type\":\"WebPage\",\"@id\":\"https:\/\/ascensoresruiz.net\/val\/ascensors-unifamiliars\/\",\"url\":\"https:\/\/ascensoresruiz.net\/val\/ascensors-unifamiliars\/\",\"name\":\"Ascensors unifamiliars\",\"isPartOf\":{\"@id\":\"https:\/\/ascensoresruiz.net\/val\/#website\"},\"primaryImageOfPage\":{\"@id\":\"https:\/\/ascensoresruiz.net\/val\/ascensors-unifamiliars\/#primaryimage\"},\"image\":{\"@id\":\"https:\/\/ascensoresruiz.net\/val\/ascensors-unifamiliars\/#primaryimage\"},\"thumbnailUrl\":\"https:\/\/ascensoresruiz.net\/val\/wp-content\/uploads\/2024\/02\/ascensors_unifamiliars_ascensores_ruiz.jpg\",\"datePublished\":\"2014-02-25T12:54:42+00:00\",\"dateModified\":\"2024-02-05T12:00:47+00:00\",\"description\":\"ASCENSORS RUIZ. Instal\u00b7laci\u00f3 en habitatges d\u00b4ascensors unifamiliars per millorar el confort, l'accessibilitat, la mobilitat i la qualitat de vida\",\"breadcrumb\":{\"@id\":\"https:\/\/ascensoresruiz.net\/val\/ascensors-unifamiliars\/#breadcrumb\"},\"inLanguage\":\"es\",\"potentialAction\":[{\"@type\":\"ReadAction\",\"target\":[\"https:\/\/ascensoresruiz.net\/val\/ascensors-unifamiliars\/\"]}]},{\"@type\":\"ImageObject\",\"inLanguage\":\"es\",\"@id\":\"https:\/\/ascensoresruiz.net\/val\/ascensors-unifamiliars\/#primaryimage\",\"url\":\"https:\/\/ascensoresruiz.net\/val\/wp-content\/uploads\/2024\/02\/ascensors_unifamiliars_ascensores_ruiz.jpg\",\"contentUrl\":\"https:\/\/ascensoresruiz.net\/val\/wp-content\/uploads\/2024\/02\/ascensors_unifamiliars_ascensores_ruiz.jpg\",\"width\":400,\"height\":611,\"caption\":\"ascensors unifamiliars ascensores ruiz\"},{\"@type\":\"BreadcrumbList\",\"@id\":\"https:\/\/ascensoresruiz.net\/val\/ascensors-unifamiliars\/#breadcrumb\",\"itemListElement\":[{\"@type\":\"ListItem\",\"position\":1,\"name\":\"Home\",\"item\":\"https:\/\/ascensoresruiz.net\/val\/\"},{\"@type\":\"ListItem\",\"position\":2,\"name\":\"Unifamiliars\"}]},{\"@type\":\"WebSite\",\"@id\":\"https:\/\/ascensoresruiz.net\/val\/#website\",\"url\":\"https:\/\/ascensoresruiz.net\/val\/\",\"name\":\"Ascensores Ruiz\",\"description\":\"M\u00e9s de 100 anys treballant amb ascensors a Val\u00e8ncia\",\"publisher\":{\"@id\":\"https:\/\/ascensoresruiz.net\/val\/#organization\"},\"alternateName\":\"Ascensores Ruiz\",\"potentialAction\":[{\"@type\":\"SearchAction\",\"target\":{\"@type\":\"EntryPoint\",\"urlTemplate\":\"https:\/\/ascensoresruiz.net\/val\/?s={search_term_string}\"},\"query-input\":{\"@type\":\"PropertyValueSpecification\",\"valueRequired\":true,\"valueName\":\"search_term_string\"}}],\"inLanguage\":\"es\"},{\"@type\":\"Organization\",\"@id\":\"https:\/\/ascensoresruiz.net\/val\/#organization\",\"name\":\"Ascensores Ruiz\",\"alternateName\":\"Ascensores Ruiz\",\"url\":\"https:\/\/ascensoresruiz.net\/val\/\",\"logo\":{\"@type\":\"ImageObject\",\"inLanguage\":\"es\",\"@id\":\"https:\/\/ascensoresruiz.net\/val\/#\/schema\/logo\/image\/\",\"url\":\"https:\/\/ascensoresruiz.net\/val\/wp-content\/uploads\/2025\/12\/ascensores_ruiz_net_logo.webp\",\"contentUrl\":\"https:\/\/ascensoresruiz.net\/val\/wp-content\/uploads\/2025\/12\/ascensores_ruiz_net_logo.webp\",\"width\":125,\"height\":163,\"caption\":\"Ascensores Ruiz\"},\"image\":{\"@id\":\"https:\/\/ascensoresruiz.net\/val\/#\/schema\/logo\/image\/\"},\"sameAs\":[\"https:\/\/www.facebook.com\/pages\/Ascensores-Ruiz\/575215262553822?ref=hl\",\"https:\/\/www.linkedin.com\/company\/ascensores-valencia-ruiz\/\"]}]}<\/script>\n<!-- \/ Yoast SEO plugin. -->","yoast_head_json":{"title":"Ascensors unifamiliars","description":"ASCENSORS RUIZ. Instal\u00b7laci\u00f3 en habitatges d\u00b4ascensors unifamiliars per millorar el confort, l'accessibilitat, la mobilitat i la qualitat de vida","robots":{"index":"index","follow":"follow","max-snippet":"max-snippet:-1","max-image-preview":"max-image-preview:large","max-video-preview":"max-video-preview:-1"},"canonical":"https:\/\/ascensoresruiz.net\/val\/ascensors-unifamiliars\/","og_locale":"es_ES","og_type":"article","og_title":"Ascensors unifamiliars","og_description":"ASCENSORS RUIZ. Instal\u00b7laci\u00f3 en habitatges d\u00b4ascensors unifamiliars per millorar el confort, l'accessibilitat, la mobilitat i la qualitat de vida","og_url":"https:\/\/ascensoresruiz.net\/val\/ascensors-unifamiliars\/","og_site_name":"Ascensores Ruiz","article_publisher":"https:\/\/www.facebook.com\/pages\/Ascensores-Ruiz\/575215262553822?ref=hl","article_modified_time":"2024-02-05T12:00:47+00:00","og_image":[{"url":"https:\/\/ascensoresruiz.net\/val\/wp-content\/uploads\/2024\/02\/ascensors_unifamiliars_ascensores_ruiz.jpg","type":"","width":"","height":""}],"twitter_misc":{"Tiempo de lectura":"2 minutos"},"schema":{"@context":"https:\/\/schema.org","@graph":[{"@type":"WebPage","@id":"https:\/\/ascensoresruiz.net\/val\/ascensors-unifamiliars\/","url":"https:\/\/ascensoresruiz.net\/val\/ascensors-unifamiliars\/","name":"Ascensors unifamiliars","isPartOf":{"@id":"https:\/\/ascensoresruiz.net\/val\/#website"},"primaryImageOfPage":{"@id":"https:\/\/ascensoresruiz.net\/val\/ascensors-unifamiliars\/#primaryimage"},"image":{"@id":"https:\/\/ascensoresruiz.net\/val\/ascensors-unifamiliars\/#primaryimage"},"thumbnailUrl":"https:\/\/ascensoresruiz.net\/val\/wp-content\/uploads\/2024\/02\/ascensors_unifamiliars_ascensores_ruiz.jpg","datePublished":"2014-02-25T12:54:42+00:00","dateModified":"2024-02-05T12:00:47+00:00","description":"ASCENSORS RUIZ. Instal\u00b7laci\u00f3 en habitatges d\u00b4ascensors unifamiliars per millorar el confort, l'accessibilitat, la mobilitat i la qualitat de vida","breadcrumb":{"@id":"https:\/\/ascensoresruiz.net\/val\/ascensors-unifamiliars\/#breadcrumb"},"inLanguage":"es","potentialAction":[{"@type":"ReadAction","target":["https:\/\/ascensoresruiz.net\/val\/ascensors-unifamiliars\/"]}]},{"@type":"ImageObject","inLanguage":"es","@id":"https:\/\/ascensoresruiz.net\/val\/ascensors-unifamiliars\/#primaryimage","url":"https:\/\/ascensoresruiz.net\/val\/wp-content\/uploads\/2024\/02\/ascensors_unifamiliars_ascensores_ruiz.jpg","contentUrl":"https:\/\/ascensoresruiz.net\/val\/wp-content\/uploads\/2024\/02\/ascensors_unifamiliars_ascensores_ruiz.jpg","width":400,"height":611,"caption":"ascensors unifamiliars ascensores ruiz"},{"@type":"BreadcrumbList","@id":"https:\/\/ascensoresruiz.net\/val\/ascensors-unifamiliars\/#breadcrumb","itemListElement":[{"@type":"ListItem","position":1,"name":"Home","item":"https:\/\/ascensoresruiz.net\/val\/"},{"@type":"ListItem","position":2,"name":"Unifamiliars"}]},{"@type":"WebSite","@id":"https:\/\/ascensoresruiz.net\/val\/#website","url":"https:\/\/ascensoresruiz.net\/val\/","name":"Ascensores Ruiz","description":"M\u00e9s de 100 anys treballant amb ascensors a Val\u00e8ncia","publisher":{"@id":"https:\/\/ascensoresruiz.net\/val\/#organization"},"alternateName":"Ascensores Ruiz","potentialAction":[{"@type":"SearchAction","target":{"@type":"EntryPoint","urlTemplate":"https:\/\/ascensoresruiz.net\/val\/?s={search_term_string}"},"query-input":{"@type":"PropertyValueSpecification","valueRequired":true,"valueName":"search_term_string"}}],"inLanguage":"es"},{"@type":"Organization","@id":"https:\/\/ascensoresruiz.net\/val\/#organization","name":"Ascensores Ruiz","alternateName":"Ascensores Ruiz","url":"https:\/\/ascensoresruiz.net\/val\/","logo":{"@type":"ImageObject","inLanguage":"es","@id":"https:\/\/ascensoresruiz.net\/val\/#\/schema\/logo\/image\/","url":"https:\/\/ascensoresruiz.net\/val\/wp-content\/uploads\/2025\/12\/ascensores_ruiz_net_logo.webp","contentUrl":"https:\/\/ascensoresruiz.net\/val\/wp-content\/uploads\/2025\/12\/ascensores_ruiz_net_logo.webp","width":125,"height":163,"caption":"Ascensores Ruiz"},"image":{"@id":"https:\/\/ascensoresruiz.net\/val\/#\/schema\/logo\/image\/"},"sameAs":["https:\/\/www.facebook.com\/pages\/Ascensores-Ruiz\/575215262553822?ref=hl","https:\/\/www.linkedin.com\/company\/ascensores-valencia-ruiz\/"]}]}},"_links":{"self":[{"href":"https:\/\/ascensoresruiz.net\/val\/wp-json\/wp\/v2\/pages\/24","targetHints":{"allow":["GET"]}}],"collection":[{"href":"https:\/\/ascensoresruiz.net\/val\/wp-json\/wp\/v2\/pages"}],"about":[{"href":"https:\/\/ascensoresruiz.net\/val\/wp-json\/wp\/v2\/types\/page"}],"author":[{"embeddable":true,"href":"https:\/\/ascensoresruiz.net\/val\/wp-json\/wp\/v2\/users\/1"}],"replies":[{"embeddable":true,"href":"https:\/\/ascensoresruiz.net\/val\/wp-json\/wp\/v2\/comments?post=24"}],"version-history":[{"count":10,"href":"https:\/\/ascensoresruiz.net\/val\/wp-json\/wp\/v2\/pages\/24\/revisions"}],"predecessor-version":[{"id":1008,"href":"https:\/\/ascensoresruiz.net\/val\/wp-json\/wp\/v2\/pages\/24\/revisions\/1008"}],"wp:attachment":[{"href":"https:\/\/ascensoresruiz.net\/val\/wp-json\/wp\/v2\/media?parent=24"}],"curies":[{"name":"wp","href":"https:\/\/api.w.org\/{rel}","templated":true}]}}